{"id":1270,"date":"2025-05-16T12:49:02","date_gmt":"2025-05-16T12:49:02","guid":{"rendered":"https:\/\/www.joannagrudzinska.eu\/?page_id=1270"},"modified":"2025-10-10T15:41:18","modified_gmt":"2025-10-10T15:41:18","slug":"tout-de-moi-ne-disparaitra-pas","status":"publish","type":"page","link":"https:\/\/www.joannagrudzinska.eu\/en\/filmographie\/tout-de-moi-ne-disparaitra-pas\/","title":{"rendered":"All of me won't disappear"},"content":{"rendered":"<h3 class=\"wp-block-heading\">A life by Zuzanna Ginczanka<\/h3>\n\n\n\n<p>Documentary - 2022 - 77 min - B&amp;W and color - France, Poland<br>Co-written with Maya Haffar.<\/p>\n\n\n\n<div class=\"wp-block-group is-layout-constrained wp-block-group-is-layout-constrained\">\n<blockquote class=\"wp-block-quote is-layout-flow wp-block-quote-is-layout-flow\">\n<h3 class=\"wp-block-heading has-ast-global-color-1-color has-text-color has-link-color wp-elements-ee4107b382d906a994c03dc4a31dc7b6\">Resum\u00e9<\/h3>\n<\/blockquote>\n\n\n\n<p>In 1944, Zuzanna Ginczanka was shot in a Krakow prison. From her death to her birth in Kiev in 1917, the film brings her back to life and traverses the vanished geography of today's Poland and Ukraine, where her sensual, feminist and rebellious poetry resonates.<\/p>\n<\/div>\n\n\n\n<figure class=\"wp-block-image size-large\"><img loading=\"lazy\" decoding=\"async\" width=\"1024\" height=\"505\" src=\"https:\/\/www.joannagrudzinska.eu\/wp-content\/uploads\/2025\/10\/tout-de-moi_02-1024x505.png\" alt=\"\" class=\"wp-image-1794\" srcset=\"https:\/\/www.joannagrudzinska.eu\/wp-content\/uploads\/2025\/10\/tout-de-moi_02-1024x505.png 1024w, https:\/\/www.joannagrudzinska.eu\/wp-content\/uploads\/2025\/10\/tout-de-moi_02-300x148.png 300w, https:\/\/www.joannagrudzinska.eu\/wp-content\/uploads\/2025\/10\/tout-de-moi_02-768x379.png 768w, https:\/\/www.joannagrudzinska.eu\/wp-content\/uploads\/2025\/10\/tout-de-moi_02-1536x758.png 1536w, https:\/\/www.joannagrudzinska.eu\/wp-content\/uploads\/2025\/10\/tout-de-moi_02-18x9.png 18w, https:\/\/www.joannagrudzinska.eu\/wp-content\/uploads\/2025\/10\/tout-de-moi_02.png 1568w\" sizes=\"auto, (max-width: 1024px) 100vw, 1024px\" \/><\/figure>\n\n\n\n<div class=\"wp-block-group is-layout-constrained wp-block-group-is-layout-constrained\">\n<blockquote class=\"wp-block-quote is-layout-flow wp-block-quote-is-layout-flow\">\n<h3 class=\"wp-block-heading has-ast-global-color-1-color has-text-color has-link-color wp-elements-f88f505a3fd7d544c34d4053e265b705\">Production<\/h3>\n<\/blockquote>\n\n\n\n<p>Eug\u00e9nie Michel-Villette &#8211; <strong>Bilboquet films<\/strong>, and <\/p>\n\n\n\n<p>Raphael Lewandowski - <strong>VERTIGO Films<\/strong>, <\/p>\n\n\n\n<p>with the support of <strong>CNC<\/strong>and <strong>Lyon Capitale TV<\/strong>.<\/p>\n<\/div>\n\n\n\n<figure class=\"wp-block-image size-large\"><img loading=\"lazy\" decoding=\"async\" width=\"1024\" height=\"511\" src=\"https:\/\/www.joannagrudzinska.eu\/wp-content\/uploads\/2025\/10\/tout-de-moi_04-1024x511.png\" alt=\"\" class=\"wp-image-1792\" srcset=\"https:\/\/www.joannagrudzinska.eu\/wp-content\/uploads\/2025\/10\/tout-de-moi_04-1024x511.png 1024w, https:\/\/www.joannagrudzinska.eu\/wp-content\/uploads\/2025\/10\/tout-de-moi_04-300x150.png 300w, https:\/\/www.joannagrudzinska.eu\/wp-content\/uploads\/2025\/10\/tout-de-moi_04-768x384.png 768w, https:\/\/www.joannagrudzinska.eu\/wp-content\/uploads\/2025\/10\/tout-de-moi_04-1536x767.png 1536w, https:\/\/www.joannagrudzinska.eu\/wp-content\/uploads\/2025\/10\/tout-de-moi_04-18x9.png 18w, https:\/\/www.joannagrudzinska.eu\/wp-content\/uploads\/2025\/10\/tout-de-moi_04.png 1550w\" sizes=\"auto, (max-width: 1024px) 100vw, 1024px\" \/><\/figure>\n\n\n\n<div class=\"wp-block-group is-layout-constrained wp-block-group-is-layout-constrained\">\n<blockquote class=\"wp-block-quote is-layout-flow wp-block-quote-is-layout-flow\">\n<h3 class=\"wp-block-heading has-ast-global-color-1-color has-text-color has-link-color wp-elements-7be458224c06895d1b8117b0e70bec26\">Synopsis<\/h3>\n<\/blockquote>\n\n\n\n<p>Zuzanna Ginczanka was born at the height of the Russian Revolution in Kiev, which in 1917 became the capital of the Soviet Ukraine. She grew up in the newly independent Poland, a region of today's Ukraine, before moving to Warsaw to fulfill her literary destiny. But the outbreak of the Second World War forced her to go into hiding in Lviv, which was invaded by Soviet Russia and captured by the Nazis in 1941. Three years later, at the age of 27, she was murdered in a Krakow prison.<\/p>\n\n\n\n<p>Zuzanna Ginczanka belonged to the first generation of Jewish intelligentsia to be formed in Poland, in a geography that has now disappeared, in a territory that is once again bloody. We have decided to recount her poetry and her life in reverse, from her death to her birth. A time invented in the present to retrace a dazzling trajectory embodied in her sensual, feminist and rebellious work.<\/p>\n<\/div>\n\n\n\n<figure class=\"wp-block-image aligncenter is-resized\"><img decoding=\"async\" src=\"https:\/\/www.joannagrudzinska.eu\/wp-content\/uploads\/2025\/05\/tdmndp_02-1002x1024.jpg\" alt=\"\" style=\"box-shadow:none;aspect-ratio:0.9785214423945968;width:621px;height:auto\"\/><\/figure>\n\n\n\n<div class=\"wp-block-group is-layout-constrained wp-block-group-is-layout-constrained\">\n<blockquote class=\"wp-block-quote is-layout-flow wp-block-quote-is-layout-flow\">\n<h3 class=\"wp-block-heading has-ast-global-color-1-color has-text-color has-link-color wp-elements-591b5a6ed3a97257a412cf4941b6dca4\">Team<\/h3>\n<\/blockquote>\n\n\n\n<p><strong>Direction<\/strong>\u00a0Joanna Grudzinska<br><strong>Scenario<\/strong> : Joanna Grudzinska, Maya Haffar<br><strong>Image<\/strong> Pawel Labe<br><strong>Sound<\/strong> Anna Rok, Jan Boguszewski<br><strong>Editing<\/strong>Rodolphe Molla<br><strong>Music<\/strong> : Julien Ribot<br><strong>Assistant editor<\/strong> Wei Yuan Song, Justine Ars\u00e8ne<br><strong>Casting<\/strong> Joanna Pogorzelska and Agnieszka Przepiorska.<br><strong>Calibration<\/strong> Anna Sujka<br><strong>Graphics<\/strong> : Jean-Marc Laforge<\/p>\n\n\n\n<div style=\"height:50px\" aria-hidden=\"true\" class=\"wp-block-spacer\"><\/div>\n<\/div>\n\n\n\n<figure class=\"wp-block-image\"><img decoding=\"async\" src=\"https:\/\/www.joannagrudzinska.eu\/wp-content\/uploads\/2025\/05\/tdmndp_03-1024x576.jpg\" alt=\"\"\/><\/figure>\n\n\n\n<blockquote class=\"wp-block-quote is-layout-flow wp-block-quote-is-layout-flow\">\n<h3 class=\"wp-block-heading has-ast-global-color-1-color has-text-color has-link-color wp-elements-068ee91c6cb11d20eb66084aaeea13df\">Distribution - Festivals<\/h3>\n<\/blockquote>\n\n\n\n<p class=\"has-medium-font-size\"><strong>FID <\/strong>Marseille 2022 &#8211; Comp\u00e9tition GNCR (France)<br><strong>Mostra Internazionale del Cinema di Genova<\/strong> 2023 (Italy)<br><strong>Molodist Kyiv International Film Festival<\/strong> 2023 (Ukraine)<\/p>\n\n\n\n<p class=\"has-ast-global-color-1-color has-text-color has-link-color wp-elements-6704ac982408f53d7f66dfce88ea91f8\"><em>Projections, en pr\u00e9sence de la r\u00e9alisatrice&nbsp;:<\/em><\/p>\n\n\n\n<ul class=\"wp-block-list\">\n<li>Cinema <strong>Le Saint-Andr\u00e9 des Arts<\/strong>Paris, September 10, 2022<\/li>\n\n\n\n<li><strong>Festival Art et Patrimoine au cin\u00e9ma<\/strong>Saint-Palais-sur-mer, November 7, 2022<\/li>\n\n\n\n<li><strong>Shoah Memorial<\/strong>Paris, November 10, 2022<\/li>\n\n\n\n<li><strong>Le Fesnoy<\/strong> - Studio National des Arts Contemporains, Tourcoing, November 21, 2022<\/li>\n\n\n\n<li><strong>MAHJ<\/strong> - Mus\u00e9e d'art et d'histoire du Juda\u00efsme, Paris, November 23, 2022<\/li>\n\n\n\n<li><strong>Cin\u00e9ma Les Lobis<\/strong>Blois, March 22, 2023<\/li>\n\n\n\n<li><strong>La Cave<\/strong>Toulouse, March 25, 2023<\/li>\n\n\n\n<li>Cycle of 4 cinema screenings <strong>Le Saint-Andr\u00e9 des Arts<\/strong>Paris:<\/li>\n\n\n\n<li>March 24, 2023, in the presence of Audrey Kichelewski, lecturer in contemporary history<\/li>\n\n\n\n<li>April 1, 2023, in the presence of Julien Ribot, Mathieu Farnarier, Josefina Rodriguez, the film's sound and music team<\/li>\n\n\n\n<li>April 7, 2023, in the presence of Irina Dmytrichin, lecturer in Ukrainian language and civilization<\/li>\n\n\n\n<li>April 15, 2023, with Judith Lyon-Caen and \u00c9lias H\u00e9rody, in partnership with EHESS<\/li>\n\n\n\n<li>&#8230;<\/li>\n<\/ul>\n\n\n\n<figure class=\"wp-block-image\"><img decoding=\"async\" src=\"https:\/\/www.joannagrudzinska.eu\/wp-content\/uploads\/2025\/05\/tdmndp_01-1024x576.jpg\" alt=\"\"\/><\/figure>\n\n\n\n<div style=\"height:50px\" aria-hidden=\"true\" class=\"wp-block-spacer\"><\/div>\n\n\n\n<blockquote class=\"wp-block-quote is-layout-flow wp-block-quote-is-layout-flow\">\n<h3 class=\"wp-block-heading has-ast-global-color-1-color has-text-color has-link-color wp-elements-31d9a43c78fc00eb131cfc3c5f5e58b3\">Press<\/h3>\n<\/blockquote>\n\n\n\n<div class=\"wp-block-group is-layout-constrained wp-block-group-is-layout-constrained\">\n<p>Entretien r\u00e9alis\u00e9 par Olivier Pierre avec la r\u00e9alisatrice pour la premi\u00e8re mondiale de \u00ab\u00a0TOUT DE MOI NE DISPARA\u00ceTRA PAS\u00a0\u00bb au FID Marseille 2022<\/p>\n\n\n\n<div class=\"wp-block-buttons is-layout-flex wp-block-buttons-is-layout-flex\">\n<div class=\"wp-block-button\"><a class=\"wp-block-button__link wp-element-button\" href=\"https:\/\/www.joannagrudzinska.eu\/wp-content\/uploads\/2025\/10\/tout-de-moi-ne-disparaitra-pas_FIDMarseille2022_entretien_Olivier-Pierre_Joanna-Grudzinska.pdf\">PDF<\/a><\/div>\n<\/div>\n<\/div>\n\n\n\n<div class=\"wp-block-group is-layout-constrained wp-block-group-is-layout-constrained\">\n<p><strong>Dossier de Presse<\/strong><\/p>\n\n\n\n<div class=\"wp-block-buttons is-layout-flex wp-block-buttons-is-layout-flex\">\n<div class=\"wp-block-button\"><a class=\"wp-block-button__link wp-element-button\" href=\"https:\/\/www.joannagrudzinska.eu\/wp-content\/uploads\/2025\/10\/tout-de-moi-ne-disparaitra-pas_Dossier-de-presse.pdf\">PDF<\/a><\/div>\n<\/div>\n<\/div>\n\n\n\n<div class=\"wp-block-group is-layout-constrained wp-block-group-is-layout-constrained\">\n<p><strong>Revu de Presse<\/strong> | multilingue<\/p>\n\n\n\n<div class=\"wp-block-buttons is-layout-flex wp-block-buttons-is-layout-flex\">\n<div class=\"wp-block-button\"><a class=\"wp-block-button__link wp-element-button\" href=\"https:\/\/www.joannagrudzinska.eu\/wp-content\/uploads\/2025\/10\/tout-de-moi-ne-disparaitra-pas_Revue-de-presse.pdf\">PDF<\/a><\/div>\n<\/div>\n<\/div>\n\n\n\n<div style=\"height:100px\" aria-hidden=\"true\" class=\"wp-block-spacer\"><\/div>\n\n\n\n<figure class=\"wp-block-image size-large\"><img loading=\"lazy\" decoding=\"async\" width=\"1024\" height=\"511\" src=\"https:\/\/www.joannagrudzinska.eu\/wp-content\/uploads\/2025\/10\/tout-de-moi_03-1024x511.png\" alt=\"\" class=\"wp-image-1793\" srcset=\"https:\/\/www.joannagrudzinska.eu\/wp-content\/uploads\/2025\/10\/tout-de-moi_03-1024x511.png 1024w, https:\/\/www.joannagrudzinska.eu\/wp-content\/uploads\/2025\/10\/tout-de-moi_03-300x150.png 300w, https:\/\/www.joannagrudzinska.eu\/wp-content\/uploads\/2025\/10\/tout-de-moi_03-768x384.png 768w, https:\/\/www.joannagrudzinska.eu\/wp-content\/uploads\/2025\/10\/tout-de-moi_03-1536x767.png 1536w, https:\/\/www.joannagrudzinska.eu\/wp-content\/uploads\/2025\/10\/tout-de-moi_03-18x9.png 18w, https:\/\/www.joannagrudzinska.eu\/wp-content\/uploads\/2025\/10\/tout-de-moi_03.png 1550w\" sizes=\"auto, (max-width: 1024px) 100vw, 1024px\" \/><\/figure>\n\n\n\n<h3 class=\"wp-block-heading alignwide has-ast-global-color-1-color has-ast-global-color-5-background-color has-text-color has-background has-link-color wp-elements-93ebd6f505ff3d21dc9b6da1d78ef871\">liens film<\/h3>\n\n\n\n<p>&#8230;<\/p>","protected":false},"excerpt":{"rendered":"<p>Une vie de Zuzanna Ginczanka Documentaire \u2013 2022 &#8211; 77 min &#8211; N&amp;B et couleur &#8211; France, PologneCo-\u00e9crit avec Maya [&hellip;]<\/p>","protected":false},"author":1,"featured_media":1274,"parent":1371,"menu_order":0,"comment_status":"closed","ping_status":"closed","template":"","meta":{"site-sidebar-layout":"default","site-content-layout":"","ast-site-content-layout":"default","site-content-style":"default","site-sidebar-style":"default","ast-global-header-display":"","ast-banner-title-visibility":"","ast-main-header-display":"","ast-hfb-above-header-display":"","ast-hfb-below-header-display":"","ast-hfb-mobile-header-display":"","site-post-title":"","ast-breadcrumbs-content":"","ast-featured-img":"","footer-sml-layout":"","ast-disable-related-posts":"","theme-transparent-header-meta":"","adv-header-id-meta":"","stick-header-meta":"","header-above-stick-meta":"","header-main-stick-meta":"","header-below-stick-meta":"","astra-migrate-meta-layouts":"default","ast-page-background-enabled":"default","ast-page-background-meta":{"desktop":{"background-color":"var(--ast-global-color-5)","background-image":"","background-repeat":"repeat","background-position":"center center","background-size":"auto","background-attachment":"scroll","background-type":"","background-media":"","overlay-type":"","overlay-color":"","overlay-opacity":"","overlay-gradient":""},"tablet":{"background-color":"","background-image":"","background-repeat":"repeat","background-position":"center center","background-size":"auto","background-attachment":"scroll","background-type":"","background-media":"","overlay-type":"","overlay-color":"","overlay-opacity":"","overlay-gradient":""},"mobile":{"background-color":"","background-image":"","background-repeat":"repeat","background-position":"center center","background-size":"auto","background-attachment":"scroll","background-type":"","background-media":"","overlay-type":"","overlay-color":"","overlay-opacity":"","overlay-gradient":""}},"ast-content-background-meta":{"desktop":{"background-color":"var(--ast-global-color-4)","background-image":"","background-repeat":"repeat","background-position":"center center","background-size":"auto","background-attachment":"scroll","background-type":"","background-media":"","overlay-type":"","overlay-color":"","overlay-opacity":"","overlay-gradient":""},"tablet":{"background-color":"var(--ast-global-color-4)","background-image":"","background-repeat":"repeat","background-position":"center center","background-size":"auto","background-attachment":"scroll","background-type":"","background-media":"","overlay-type":"","overlay-color":"","overlay-opacity":"","overlay-gradient":""},"mobile":{"background-color":"var(--ast-global-color-4)","background-image":"","background-repeat":"repeat","background-position":"center center","background-size":"auto","background-attachment":"scroll","background-type":"","background-media":"","overlay-type":"","overlay-color":"","overlay-opacity":"","overlay-gradient":""}},"footnotes":""},"class_list":["post-1270","page","type-page","status-publish","has-post-thumbnail","hentry"],"_links":{"self":[{"href":"https:\/\/www.joannagrudzinska.eu\/en\/wp-json\/wp\/v2\/pages\/1270","targetHints":{"allow":["GET"]}}],"collection":[{"href":"https:\/\/www.joannagrudzinska.eu\/en\/wp-json\/wp\/v2\/pages"}],"about":[{"href":"https:\/\/www.joannagrudzinska.eu\/en\/wp-json\/wp\/v2\/types\/page"}],"author":[{"embeddable":true,"href":"https:\/\/www.joannagrudzinska.eu\/en\/wp-json\/wp\/v2\/users\/1"}],"replies":[{"embeddable":true,"href":"https:\/\/www.joannagrudzinska.eu\/en\/wp-json\/wp\/v2\/comments?post=1270"}],"version-history":[{"count":22,"href":"https:\/\/www.joannagrudzinska.eu\/en\/wp-json\/wp\/v2\/pages\/1270\/revisions"}],"predecessor-version":[{"id":1796,"href":"https:\/\/www.joannagrudzinska.eu\/en\/wp-json\/wp\/v2\/pages\/1270\/revisions\/1796"}],"up":[{"embeddable":true,"href":"https:\/\/www.joannagrudzinska.eu\/en\/wp-json\/wp\/v2\/pages\/1371"}],"wp:featuredmedia":[{"embeddable":true,"href":"https:\/\/www.joannagrudzinska.eu\/en\/wp-json\/wp\/v2\/media\/1274"}],"wp:attachment":[{"href":"https:\/\/www.joannagrudzinska.eu\/en\/wp-json\/wp\/v2\/media?parent=1270"}],"curies":[{"name":"wp","href":"https:\/\/api.w.org\/{rel}","templated":true}]}}